{"id":547,"date":"2024-05-07T18:19:32","date_gmt":"2024-05-07T16:19:32","guid":{"rendered":"https:\/\/www.petako.cz\/?page_id=547"},"modified":"2024-05-07T19:15:15","modified_gmt":"2024-05-07T17:15:15","slug":"kuchyne-kuchynske-linky-a-kouty-ultramoderni","status":"publish","type":"page","link":"https:\/\/www.petako.cz\/index.php\/kuchyne-kuchynske-linky-a-kouty-ultramoderni\/","title":{"rendered":"Kuchyn\u011b, kuchy\u0148sk\u00e9 linky a kouty \u2013 ultramodern\u00ed"},"content":{"rendered":"\n<p class=\"has-medium-font-size\"><a href=\"https:\/\/www.petako.cz\/index.php\/kuchynska-linka-v-luxusnim-sedem-provedeni\/\">Kuchy\u0148sk\u00e1 linka v luxusn\u00edm \u0161ed\u00e9m proveden\u00ed<\/a><\/p>\n\n\n\n<p class=\"has-medium-font-size\"><a href=\"https:\/\/www.petako.cz\/index.php\/moderni-kuchynska-linka-bila-a-seda\/\">Modern\u00ed kuchy\u0148sk\u00e1 linka b\u00edl\u00e1 a \u0161ed\u00e1<\/a><\/p>\n\n\n\n<p class=\"has-medium-font-size\"><a href=\"https:\/\/www.petako.cz\/index.php\/kuchynska-linka-provedeni-dub-s-lesklou-bilou\/\">Kuchy\u0148sk\u00e1 linka proveden\u00ed dub s lesklou b\u00edlou<\/a><\/p>\n\n\n\n<p class=\"has-medium-font-size\"><a href=\"https:\/\/www.petako.cz\/index.php\/kuchynska-linka-matne-seda-s-dubem-sonoma\/\">Kuchy\u0148sk\u00e1 linka matn\u011b \u0161ed\u00e1 s dubem sonoma<\/a><\/p>\n\n\n\n<p class=\"has-medium-font-size\"><a href=\"https:\/\/www.petako.cz\/index.php\/kuchyn-v-provedeni-dtd-lamino-seda\/\">Kuchy\u0148 v proveden\u00ed DTD lamino \u0161ed\u00e1<\/a><\/p>\n\n\n\n<p class=\"has-medium-font-size\"><a href=\"https:\/\/www.petako.cz\/index.php\/kuchyn-v-provedeni-mdf-strikana-matna-oranzova\/\">Kuchy\u0148 v proveden\u00ed MDF st\u0159\u00edkan\u00e1 matn\u00e1 oran\u017eov\u00e1<\/a><\/p>\n\n\n\n<p class=\"has-medium-font-size\"><a href=\"https:\/\/www.petako.cz\/index.php\/kuchyn-v-provedeni-mdf-strik-cerna-matna\/\">Kuchy\u0148 v proveden\u00ed MDF st\u0159ik \u010dern\u00e1 matn\u00e1<\/a><\/p>\n\n\n\n<p class=\"has-medium-font-size\"><a href=\"https:\/\/www.petako.cz\/index.php\/kuchyn-kombinace-dtd-lamino-dub-a-macchiato\/\">Kuchy\u0148 kombinace DTD lamino dub a macchiato<\/a><\/p>\n\n\n\n<p class=\"has-medium-font-size\"><a href=\"https:\/\/www.petako.cz\/index.php\/kuchyn-kombinace-dtd-lamino-jilm-a-matna-zluta\/\">Kuchy\u0148 kombinace DTD lamino jilm a matn\u00e1 \u017elut\u00e1<\/a><\/p>\n\n\n\n<p class=\"has-medium-font-size\"><a href=\"https:\/\/www.petako.cz\/index.php\/kuchyn-kombinace-orech-tmavy-a-matna-kremova\/\">Kuchy\u0148 kombinace o\u0159ech tmav\u00fd a matn\u00e1 kr\u00e9mov\u00e1<\/a><\/p>\n\n\n\n<p class=\"has-medium-font-size\"><a href=\"https:\/\/www.petako.cz\/index.php\/kuchyn-kombinace-strikana-matna-bila-a-orech-svetly\/\">Kuchy\u0148 kombinace st\u0159\u00edkan\u00e1 matn\u00e1 b\u00edl\u00e1 a o\u0159ech sv\u011btl\u00fd<\/a><\/p>\n\n\n\n<p class=\"has-medium-font-size\"><a href=\"https:\/\/www.petako.cz\/index.php\/kuchynska-linka-bezova-s-egger-dub\/\">Kuchy\u0148sk\u00e1 linka b\u00e9\u017eov\u00e1 s Egger dub<\/a><\/p>\n\n\n\n<div style=\"height:60px\" aria-hidden=\"true\" class=\"wp-block-spacer\"><\/div>\n\n\n\n<p class=\"has-text-align-right\"><a href=\"https:\/\/www.petako.cz\/index.php\/kuchynske-linky\/\">Zp\u011bt<\/a><\/p>\n","protected":false},"excerpt":{"rendered":"<p>Kuchy\u0148sk\u00e1 linka v luxusn\u00edm \u0161ed\u00e9m proveden\u00ed Modern\u00ed kuchy\u0148sk\u00e1 linka b\u00edl\u00e1 a \u0161ed\u00e1 Kuchy\u0148sk\u00e1 linka proveden\u00ed dub s lesklou b\u00edlou Kuchy\u0148sk\u00e1 linka matn\u011b \u0161ed\u00e1 s dubem sonoma Kuchy\u0148 v proveden\u00ed DTD lamino \u0161ed\u00e1 Kuchy\u0148 v proveden\u00ed MDF st\u0159\u00edkan\u00e1 matn\u00e1 oran\u017eov\u00e1 Kuchy\u0148 v proveden\u00ed MDF st\u0159ik \u010dern\u00e1 matn\u00e1 Kuchy\u0148 kombinace DTD lamino dub a macchiato Kuchy\u0148 kombinace &hellip;<br \/><a href=\"https:\/\/www.petako.cz\/index.php\/kuchyne-kuchynske-linky-a-kouty-ultramoderni\/\" class=\"more-link pen_button pen_element_default pen_icon_arrow_double\">Pokra\u010dovat ve\u00a0\u010dten\u00ed <span class=\"screen-reader-text\">Kuchyn\u011b, kuchy\u0148sk\u00e9 linky a kouty \u2013 ultramodern\u00ed<\/span><\/a><\/p>\n","protected":false},"author":1,"featured_media":0,"parent":0,"menu_order":0,"comment_status":"closed","ping_status":"closed","template":"","meta":{"footnotes":""},"class_list":["post-547","page","type-page","status-publish","hentry"],"_links":{"self":[{"href":"https:\/\/www.petako.cz\/index.php\/wp-json\/wp\/v2\/pages\/547","targetHints":{"allow":["GET"]}}],"collection":[{"href":"https:\/\/www.petako.cz\/index.php\/wp-json\/wp\/v2\/pages"}],"about":[{"href":"https:\/\/www.petako.cz\/index.php\/wp-json\/wp\/v2\/types\/page"}],"author":[{"embeddable":true,"href":"https:\/\/www.petako.cz\/index.php\/wp-json\/wp\/v2\/users\/1"}],"replies":[{"embeddable":true,"href":"https:\/\/www.petako.cz\/index.php\/wp-json\/wp\/v2\/comments?post=547"}],"version-history":[{"count":2,"href":"https:\/\/www.petako.cz\/index.php\/wp-json\/wp\/v2\/pages\/547\/revisions"}],"predecessor-version":[{"id":568,"href":"https:\/\/www.petako.cz\/index.php\/wp-json\/wp\/v2\/pages\/547\/revisions\/568"}],"wp:attachment":[{"href":"https:\/\/www.petako.cz\/index.php\/wp-json\/wp\/v2\/media?parent=547"}],"curies":[{"name":"wp","href":"https:\/\/api.w.org\/{rel}","templated":true}]}}